{"id":76,"date":"2023-02-25T12:16:21","date_gmt":"2023-02-25T12:16:21","guid":{"rendered":"https:\/\/www.cmvalldarbucies.cat\/?page_id=76"},"modified":"2026-04-28T14:16:53","modified_gmt":"2026-04-28T14:16:53","slug":"reglament","status":"publish","type":"page","link":"https:\/\/www.cmvalldarbucies.cat\/index.php\/reglament\/","title":{"rendered":"Reglament"},"content":{"rendered":"\n<p>El fet de participar a la CM Vall d&#8217;Arb\u00facies i a la Marxa de la Primavera suposa acceptar i complir amb el seg\u00fcent reglament. <\/p>\n\n\n\n<div class=\"wp-block-buttons alignwide is-content-justification-center is-layout-flex wp-container-core-buttons-is-layout-1 wp-block-buttons-is-layout-flex\">\n<div class=\"wp-block-button is-style-outline is-style-outline--73463b44667a38c4e3bf686ab40cdeec\"><a class=\"wp-block-button__link wp-element-button\">AUTORITZACI\u00d3 MENORS<\/a><\/div>\n<\/div>\n\n\n\n<h3 class=\"wp-block-heading\">Reglament i Declaraci\u00f3 legal<\/h3>\n\n\n\n<p>REGLAMENT CM VALL D&#8217;ARB\u00daCIES I MARXA DE LA PRIMAVERA <\/p>\n\n\n\n<p>Organitzaci\u00f3 de la prova: Matavalons d&#8217;Arb\u00facies, Gratan\u00favols del Montseny i Ajuntament d&#8217;Arb\u00facies. Col\u00b7labora la Diputaci\u00f3 de Girona, el Consell Comarcal de la Selva, l\u2019Associaci\u00f3 de Comer\u00e7 d\u2019Arb\u00facies, els Bombers Voluntaris d\u2019Arb\u00facies, Protecci\u00f3 Civil, ADF i els propietaris forestals.<\/p>\n\n\n\n<p><strong>Dades Generals<\/strong><\/p>\n\n\n\n<p>Nom: CM VALL D&#8217;ARB\u00daCIES i MARXA DE LA PRIMAVERA<\/p>\n\n\n\n<p>Lloc: Arb\u00facies<\/p>\n\n\n\n<p>Data: Dissabte 9 i diumenge 10 de Maig de 2026<\/p>\n\n\n\n<p>Dist\u00e0ncies:<\/p>\n\n\n\n<ul class=\"wp-block-list\">\n<li>A la CM Vall d&#8217;Arb\u00facies hi haur\u00e0 tres dist\u00e0ncies. La CM Vall d\u2019Arb\u00facies de 28 km (+1550D), la CM Vall d\u2019Arb\u00facies de 16km (+650D), ambdues dist\u00e0ncies hi haur\u00e0 les categories s\u00e8niors i veterans i la CM Vall d&#8217;Arb\u00facies de 10km (+350D), amb una \u00fanica categoria s\u00e8nior. <\/li>\n\n\n\n<li>A la Marxa de la primavera hi haur\u00e0 dues dist\u00e0ncies. La Marxa de la primavera llarga d\u2019uns 15km (aproximadament) i la curta d\u2019uns 10km (aproximadament).<\/li>\n<\/ul>\n\n\n\n<h4 class=\"wp-block-heading\">1. Programa:<\/h4>\n\n\n\n<p>DISSABTE 9 DE MAIG:<\/p>\n\n\n\n<p>Lloc: Poliesportiu Can Delf\u00ed<\/p>\n\n\n\n<p>Entrega de dorsals a partir de les 19.00h i fins les 20:00h al <a href=\"https:\/\/www.google.com\/search?q=poliesportiu%20de%20can%20delf%C3%AD&amp;rlz=1C1GCEA_en&amp;oq=poliesportiu+de+can+delf%C3%AD&amp;aqs=chrome..69i57j33i160l2.4298j0j4&amp;sourceid=chrome&amp;ie=UTF-8&amp;tbs=lf:1,lf_ui:2&amp;tbm=lcl&amp;sxsrf=AJOqlzUra8hYI61zs3ePoqeIZ9nhRlTQPg:1677329392033&amp;rflfq=1&amp;num=10&amp;rldimm=7244930480533118276&amp;lqi=Chpwb2xpZXNwb3J0aXUgZGUgY2FuIGRlbGbDrUiIjJaplZaAgAhaKBAAGAAYAhgDIhpwb2xpZXNwb3J0aXUgZGUgY2FuIGRlbGbDrTICY2GSAQ5zcG9ydHNfY29tcGxleKoBIxABGh8QASIbVCcZlaYVhS0Nf2PWbiTAyaqdcCQ-ENOUCX5U&amp;ved=2ahUKEwjF89T02rD9AhXa9bsIHb1eBrIQvS56BAgMEAE&amp;sa=X&amp;rlst=f#rlfi=hd:;si:7244930480533118276,l,Chpwb2xpZXNwb3J0aXUgZGUgY2FuIGRlbGbDrUiIjJaplZaAgAhaKBAAGAAYAhgDIhpwb2xpZXNwb3J0aXUgZGUgY2FuIGRlbGbDrTICY2GSAQ5zcG9ydHNfY29tcGxleKoBIxABGh8QASIbVCcZlaYVhS0Nf2PWbiTAyaqdcCQ-ENOUCX5U;mv:[[41.817067099999996,2.5133833],[41.8167542,2.5124326]];tbs:lrf:!1m4!1u3!2m2!3m1!1e1!1m4!1u2!2m2!2m1!1e1!2m1!1e2!2m1!1e3!3sIAE,lf:1,lf_ui:2\">Poliesportiu de Can Delf\u00ed.<\/a><\/p>\n\n\n\n<p><em>*Les inscripcions disponibles pels recorreguts de la Marxa de la Primavera i pels recorreguts de la CM Vall d&#8217;Arb\u00facies, dependr\u00e0 de la disponibilitat de dorsals.<\/em><\/p>\n\n\n\n<p>Lloc: Carrer Camprodon<\/p>\n\n\n\n<p>CURSA XICS (categories sub 6, sub 8, sub 10, sub 12 i sub 14)<\/p>\n\n\n\n<p>Zona de m\u00fasica i dinamitzaci\u00f3.<\/p>\n\n\n\n<p>DIUMENGE 10 DE MAIG:<\/p>\n\n\n\n<p>Entrega de dorsals i inscripcions* a partir de les 07:00h i fins 1\/4 d&#8217;hora abans de comen\u00e7ar cada cursa.<\/p>\n\n\n\n<p><em>*Les inscripcions disponibles pels recorreguts de la Marxa de la Primavera i pels recorreguts de la CM Vall d&#8217;Arb\u00facies, dependr\u00e0 de la disponibilitat de dorsals.<\/em><\/p>\n\n\n\n<p>Lloc: Carrer Camprodon<\/p>\n\n\n\n<p>CM Vall d&#8217;Arb\u00facies Llarga 28k, Mitja 16k i Curta 10k i Marxa de la Primavera llarga 15km i curta 10km.<\/p>\n\n\n\n<h4 class=\"wp-block-heading\">2. L\u00edmit de participants:<\/h4>\n\n\n\n<p>El l\u00edmit de participants \u00e9s de 1.000* persones sumant tots els recorreguts el repartiment de dorsals ser\u00e0 el seg\u00fcent:<\/p>\n\n\n\n<p>CM Vall d&#8217;Arb\u00facies 28km: 150 dorsals<\/p>\n\n\n\n<p>CM Vall d&#8217;Arb\u00facies 16km: 150 dorsals<\/p>\n\n\n\n<p>CM Vall d&#8217;Arb\u00facies 10km: 150 dorsals<\/p>\n\n\n\n<p>Marxa de la Primavera de 15km i 10km: 550 dorsals<\/p>\n\n\n\n<p>*<em>L\u2019organitzaci\u00f3 es reserva el dret de repartir fins a 50 inscripcions entre invitacions, sorteigs i altres.<\/em><\/p>\n\n\n\n<p>**Els participants de la cursa xics no estan dins d&#8217;aquestes limitacions. <\/p>\n\n\n\n<p><strong>3. Ubicaci\u00f3, entrega dorsals, sortida , arribada i dutxes:<\/strong><\/p>\n\n\n\n<p>La sortida i arribada ser\u00e0 el carrer principal de la vila d&#8217;Arb\u00facies. La ubicaci\u00f3 escollida ser\u00e0 el Carrer Camprodon. <a href=\"https:\/\/goo.gl\/maps\/C58xyWDQNVY3fC7M9\">(ubicaci\u00f3)<\/a><\/p>\n\n\n\n<p>L\u2019entrega de dorsals es realitzar\u00e0 al Poliesportiu de Can Delf\u00ed <a href=\"https:\/\/www.google.com\/search?q=poliesportiu%20de%20can%20delf%C3%AD&amp;rlz=1C1GCEA_en&amp;oq=poliesportiu+de+can+delf%C3%AD&amp;aqs=chrome..69i57j33i160l2.4298j0j4&amp;sourceid=chrome&amp;ie=UTF-8&amp;tbs=lf:1,lf_ui:2&amp;tbm=lcl&amp;sxsrf=AJOqlzUra8hYI61zs3ePoqeIZ9nhRlTQPg:1677329392033&amp;rflfq=1&amp;num=10&amp;rldimm=7244930480533118276&amp;lqi=Chpwb2xpZXNwb3J0aXUgZGUgY2FuIGRlbGbDrUiIjJaplZaAgAhaKBAAGAAYAhgDIhpwb2xpZXNwb3J0aXUgZGUgY2FuIGRlbGbDrTICY2GSAQ5zcG9ydHNfY29tcGxleKoBIxABGh8QASIbVCcZlaYVhS0Nf2PWbiTAyaqdcCQ-ENOUCX5U&amp;ved=2ahUKEwjF89T02rD9AhXa9bsIHb1eBrIQvS56BAgMEAE&amp;sa=X&amp;rlst=f#rlfi=hd:;si:7244930480533118276,l,Chpwb2xpZXNwb3J0aXUgZGUgY2FuIGRlbGbDrUiIjJaplZaAgAhaKBAAGAAYAhgDIhpwb2xpZXNwb3J0aXUgZGUgY2FuIGRlbGbDrTICY2GSAQ5zcG9ydHNfY29tcGxleKoBIxABGh8QASIbVCcZlaYVhS0Nf2PWbiTAyaqdcCQ-ENOUCX5U;mv:[[41.817067099999996,2.5133833],[41.8167542,2.5124326]];tbs:lrf:!1m4!1u3!2m2!3m1!1e1!1m4!1u2!2m2!2m1!1e1!2m1!1e2!2m1!1e3!3sIAE,lf:1,lf_ui:2\">(ubicaci\u00f3)<\/a>&nbsp;el dissabte de les 19:00h a les 20:00h i el diumenge de les 7:00h fins 1\/4 d&#8217;hora abans de comen\u00e7ar cada recorregut.<\/p>\n\n\n\n<p>Un cop finalitzada la cursa, hi haur\u00e0 servei de dutxa al Centre Esportiu Municipal&nbsp;<a href=\"https:\/\/www.google.com\/maps\/dir\/\/cem+can+delfi\/data=!4m6!4m5!1m1!4e2!1m2!1m1!1s0x12bb2b529daae5b5:0xf0f559b67e958345?sa=X&amp;ved=2ahUKEwiRk66D3LD9AhULgf0HHdl6ApcQ9Rd6BAghEAQ\">(ubicaci\u00f3)<\/a><\/p>\n\n\n\n<p>Aparcament: Hi haur\u00e0 zones d\u2019aparcament habilitades a les persones participants al passeig de Palacag\u00fcina, Can Cass\u00f3 <a href=\"https:\/\/goo.gl\/maps\/xTNAQVyv3cS2Zm8GA\">(ubicaci\u00f3)<\/a> i a la zona de Can Pons (<a href=\"https:\/\/www.google.com\/maps\/place\/Pavell%C3%B3+Arb%C3%BAcies\/@41.8175499,2.5053267,15z\/data=!4m2!3m1!1s0x0:0x80576479eb63ad20?sa=X&amp;ved=2ahUKEwjw4KiJ3bD9AhVPwAIHHbp5BQ8Q_BJ6BAgwEAg\">ubicaci\u00f3<\/a>). Agrairem que es faci us d\u2019aquests espais per deixar lliure el centre del poble.<\/p>\n\n\n\n<p><strong>4. Sortides:<\/strong><\/p>\n\n\n\n<p>Les sortides seran per dist\u00e0ncies<\/p>\n\n\n\n<p><strong>CM Vall d&#8217;Arb\u00facies llarga 28km:<\/strong> diumenge 10 de maig a les 7:45h<\/p>\n\n\n\n<p><strong>Marxa de la Primavera 15km i 10km:<\/strong> Diumenge 10 de maig a les 8:00h<\/p>\n\n\n\n<p><strong>CM Vall d&#8217;Arb\u00facies curta 16km:<\/strong> Diumenge 10 de maig a les 8:45h<\/p>\n\n\n\n<p><strong>CM Vall d&#8217;Arb\u00facies curta 10km:<\/strong> Diumenge 10 de maig a les 9:15h<\/p>\n\n\n\n<p><strong>5. Devolucions:<\/strong><\/p>\n\n\n\n<p>En cas que el participant no pugui c\u00f3rrer per lesi\u00f3 o altes motius personals, es podr\u00e0 demanar la cessi\u00f3 del seu dorsal a un altre corredor sempre que ho faci&nbsp;<strong>fins a 15 dies abans de la celebraci\u00f3 de la prova<\/strong>. Aquesta gesti\u00f3 l\u2019ha de demanar la persona interessada enviant un correu a l\u2019organitzaci\u00f3, que indicar\u00e0 com fer el procediment.<\/p>\n\n\n\n<p>Tamb\u00e9 es podr\u00e0 demanar una devoluci\u00f3 de la inscripci\u00f3 i, en funci\u00f3 dels dies que faltin per la celebraci\u00f3 de la cursa, es tornar\u00e0 un percentatge o un altre segons la <strong>taula de devoluci\u00f3<\/strong> detallat a continuaci\u00f3. Qualsevol anul\u00b7laci\u00f3 s\u2019ha de fer per correu electr\u00f2nic a <a href=\"https:\/\/www.9hsports.cat\/ca\/contacte\">9hsports<\/a>. <strong>La samarreta no forma part de la inscripci\u00f3 obligat\u00f2ria i \u00e9s optativa<\/strong> (+12\u20ac). Per tant, no es far\u00e0 la devoluci\u00f3 de l\u2019import de la samarreta i s\u2019oferir\u00e0 un horari de recollida i entrega de la samarreta adquirida en el formulari. En cas de no venir-la a recollir els dies habilitats per l\u2019organitzaci\u00f3 (9 i 10 de maig), la samarreta <strong>es podr\u00e0 recollir al CEM Can Delf\u00ed fins un mes despr\u00e9s de l\u2019esdeveniment. Transcorregut aquest per\u00edode, s\u2019entendr\u00e0 que el participant no la vol i ja no es podr\u00e0 reclamar.<\/strong><\/p>\n\n\n\n<figure class=\"wp-block-table\"><table><tbody><tr><td><strong>DATA D\u00b4ANUL.LACI\u00d3<\/strong><\/td><td><strong>%&nbsp; DEVOLUCI\u00d3<\/strong><\/td><\/tr><tr><td>M\u00c9S DE 60 DIES PER LA PROVA<\/td><td>100%<\/td><\/tr><tr><td>DE 60 A 30 DIES ABANS DE LA PROVA<\/td><td>60%<\/td><\/tr><tr><td>DE 29 A 15 ABANS DE LA PROVA<\/td><td>30%<\/td><\/tr><tr><td>MENYS DE 15 DIES ABANS DE LA PROVA<\/td><td>0 %<\/td><\/tr><\/tbody><\/table><figcaption class=\"wp-element-caption\">Taula de devoluci\u00f3 amb el % de devoluci\u00f3 detallat en cas de no poder participar a la prova. <\/figcaption><\/figure>\n\n\n\n<p>No s\u2019atendr\u00e0 cap canvi de dist\u00e0ncia ni de dorsal en els 8 dies anteriors a la celebraci\u00f3 de la prova.<\/p>\n\n\n\n<p>Qualsevol anul\u00b7laci\u00f3 s\u2019ha de fer per correu electr\u00f2nic a <a href=\"https:\/\/www.9hsports.cat\/ca\/contacte\">9hsports<\/a>.<\/p>\n\n\n\n<p>El pagament de devoluci\u00f3 s\u2019ingressar\u00e0 a la mateixa targeta de cr\u00e8dit des de la que es va fer la inscripci\u00f3.<\/p>\n\n\n\n<p>La cancel\u00b7laci\u00f3 d\u2019una inscripci\u00f3 no et permet beneficiar-te d\u2019una prioritat d\u2019inscripci\u00f3 en anys posteriors.<\/p>\n\n\n\n<p>L\u2019organitzaci\u00f3 es reserva el dret de modificar les franges hor\u00e0ries i\/o el recorregut inicial en cas que esdevinguin condicions adverses per la prova. En cas d\u2019alerta de condicions meteorol\u00f2giques extremes, l\u2019organitzaci\u00f3 es guarda el dret a posposar o suspendre l\u2019esdeveniment.<strong> En aquest cas, l\u2019import de la inscripci\u00f3 no ser\u00e0 retornat.<\/strong><\/p>\n\n\n\n<p><strong>6. Avituallaments:<\/strong><\/p>\n\n\n\n<p>Durant els recorreguts hi haur\u00e0 avituallaments cada cinc quil\u00f2metres, aproximadament.<\/p>\n\n\n\n<p>Els avituallaments podran ser s\u00f2lids i l\u00edquids, o nom\u00e9s l\u00edquids.<\/p>\n\n\n\n<p>En els avituallaments hi podreu trobar aigua, isot\u00f2nic, fruita, fruits secs, o llaminadures.<\/p>\n\n\n\n<p><strong>7. Requisits dels participants:<\/strong><\/p>\n\n\n\n<p>Per participar a la CM VALL D&#8217;ARB\u00daCIES i MARXA DE LA PRIMEVERA s\u2019han de complir els seg\u00fcents requisits:<\/p>\n\n\n\n<p>Ser major de 14 anys el dia de la competici\u00f3 en el cas de dist\u00e0ncia MITJA 16Km i CURTA 10km, i major de 18 anys en la dist\u00e0ncia LLARGA 28km. Es considerar\u00e0 l\u2019edat del participant el mateix dia de la prova. En tot cas, els menors d\u2019edat han de portar una autoritzaci\u00f3 signada pels seus pares o tutors legals. TROBAREU LA DECLARACI\u00d3 DE CONSENTIMENT AL FINAL DEL REGLAMENT.<\/p>\n\n\n\n<p>Con\u00e8ixer i acceptar les condicions del reglament.<\/p>\n\n\n\n<p>Declarar que es participa de forma volunt\u00e0ria, sota la pr\u00f2pia responsabilitat i complint les condicions f\u00edsiques i de salut necess\u00e0ries per participar en aquesta prova.<\/p>\n\n\n\n<p>El termini d\u2019inscripcions es tancar\u00e0 el diumenge 3 de maig a les 23:59h o un cop arribat al n\u00famero m\u00e0xim de participants indicats anteriorment.<\/p>\n\n\n\n<p>Els temps m\u00e0xims per completar els recorreguts de la&nbsp;<strong>CM VALL D&#8217;ARB\u00daCIES i MARXA DE LA PRIMAVERA <\/strong>s\u00f3n:<\/p>\n\n\n\n<ul class=\"wp-block-list\">\n<li>Dist\u00e0ncia CM Vall d&#8217;Arb\u00facies Curta 10k: 3:00h<\/li>\n\n\n\n<li>Dist\u00e0ncia CM Vall d&#8217;Arb\u00facies Mitja 16km: 4:00h<\/li>\n\n\n\n<li>Dist\u00e0ncia CM Vall d&#8217;Arb\u00facies Llarga 28k: 5:15h<\/li>\n\n\n\n<li>Dist\u00e0ncia Marxa 15km: 4:30h<\/li>\n\n\n\n<li>Dist\u00e0ncia Marxa 10k: 4:30h<\/li>\n<\/ul>\n\n\n\n<p><br>L\u2019organitzaci\u00f3 podr\u00e0 establir\u00e0 temps de tall m\u00e0xims en els diferents punts de control de la prova. <strong>En cas de no complir aquest temps de tall en qualsevol dels punts, se li indicar\u00e0 al participant que ha d\u2019abandonar la prova.<\/strong> En cas de voler continuar el recorregut, ser\u00e0 sota la seva responsabilitat i totalment al marge de la organitzaci\u00f3 de la prova.<\/p>\n\n\n\n<p><strong>8. Material obligatori:<\/strong><\/p>\n\n\n\n<p>CM VALL D&#8217;ARB\u00daCIES MITJA 16km i CURTA 10Km:<\/p>\n\n\n\n<p>Env\u00e0s reutilitzable.<\/p>\n\n\n\n<p>Dorsal a la part davantera de la samarreta o pantal\u00f3 i visible en tot moment durant la cursa des del moment de la sortida fins creuar la meta.<\/p>\n\n\n\n<p>Tel\u00e8fon m\u00f2bil carregat i enc\u00e8s durant tota la prova.<\/p>\n\n\n\n<p>CM VALL D&#8217;ARB\u00daCIES LLARGA 28Km:<\/p>\n\n\n\n<p>Env\u00e0s reutilitzable.<\/p>\n\n\n\n<p>Dorsal a la part davantera de la samarreta o pantal\u00f3 i visible en tot moment durant la cursa des del moment de la sortida fins creuar la meta.<\/p>\n\n\n\n<p>Tel\u00e8fon m\u00f2bil carregat i enc\u00e8s durant tota la prova.<\/p>\n\n\n\n<p>MARXA DE LA PRIMAVERA 15Km i 10Km:<\/p>\n\n\n\n<p>Env\u00e0s reutilitzable.<\/p>\n\n\n\n<p>Portar el dorsal visible en tot moment durant el recorregut des del moment de la sortida fins creuar la meta.<\/p>\n\n\n\n<p><strong>9. Altres normes per a totes les persones participants:<\/strong><\/p>\n\n\n\n<p>\u00c9s responsabilitat dels participants portar l\u2019equip i material obligatori adequat per fer aquesta cursa.<\/p>\n\n\n\n<p>Tots els participants han de saber que estan en condicions f\u00edsiques \u00f2ptimes per poder afrontar una prova com aquesta.<\/p>\n\n\n\n<p>Les persones que decideixin retirar-se de la cursa hauran de comunicar-ho al control m\u00e9s proper del lloc on es produeix la retirada.<\/p>\n\n\n\n<p>L\u2019organitzaci\u00f3 es reserva el dret d\u2019exigir a qualsevol participant abandonar la prova, si aix\u00ed ho consider\u00e9s, davant de comportaments inc\u00edvics cap a d\u2019altres participants, falta de respecte davant de qualsevol situaci\u00f3 produ\u00efda, o la falta de condici\u00f3 f\u00edsica per continuar la prova.<\/p>\n\n\n\n<p>L\u2019itinerari estar\u00e0 degudament senyalitzat amb cintes de color viu i controlat en els canvis de sentit per personal de l\u2019organitzaci\u00f3. S\u2019haur\u00e0 de tenir especial atenci\u00f3 en els trams urbans i de pista forestal a l\u2019estar oberts al tr\u00e0nsit encara que tinguem controls per part de l\u2019organitzaci\u00f3. Ser\u00e0 necess\u00e0ria, doncs, una especial atenci\u00f3 per part del corredor\/a o caminador\/a en aquests trams.<\/p>\n\n\n\n<p>Qui no tingui cura o demostri una actitud poc respectuosa envers l\u2019entorn natural on es desenvolupa la cursa, ser\u00e0 desqualificat per l\u2019organitzaci\u00f3.<\/p>\n\n\n\n<p>La recollida del dorsal es realitza pr\u00e8via presentaci\u00f3 del DNI, en cas de ser menor d\u2019edat, el consentiment firmat pel pare, mare o tutor legal i sempre amb el corresponent DNI. En cas de voler recollir el dorsal d\u2019un altre participant, \u00e9s imprescindible portar una autoritzaci\u00f3 degudament signada.<\/p>\n\n\n\n<p><em>Les infraccions seran penalitzades segons el Reglament de la FEEC.<\/em><\/p>\n\n\n\n<p><em>Les reclamacions es faran segons el Reglament de la FEEC.<\/em><\/p>\n\n\n\n<p>L\u2019organitzaci\u00f3 no es fa responsable dels danys causats o patits pels corredors.<\/p>\n\n\n\n<p>La participaci\u00f3 a la cursa suposa l\u2019acceptaci\u00f3 d\u2019aquest reglament i el seu compliment obligatori.<\/p>\n\n\n\n<p><strong>10. Categories i premis<\/strong><\/p>\n\n\n\n<p>S\u2019estableixen les seg\u00fcents categories, tant masculines com femenines:<\/p>\n\n\n\n<p>Absoluta<\/p>\n\n\n\n<p>Veterans (+40 anys)<\/p>\n\n\n\n<p>Els premis s\u2019entregaran de la seg\u00fcent forma:<\/p>\n\n\n\n<p>Premi per les <strong>tres primeres<\/strong> persones classificades de la<strong> general <\/strong>de cada dist\u00e0ncia de la CM Vall d&#8217;Arb\u00facies.<\/p>\n\n\n\n<p>Premi pel <strong>primer\/a<\/strong> de la categoria de veterans\/es de la CM Vall d&#8217;Arb\u00facies LLARGA I MITJA.<\/p>\n\n\n\n<p>Nota: Els premis no s\u00f3n acumulatius. \u00c9s a dir, els guanyadors de la general no comptaran per a la resta de categories.<\/p>\n\n\n\n<p>En cas de no poder assistir a l\u2019entrega de premis aquell dia, s\u2019entendr\u00e0 que la persona renuncia al premi.<strong> NO s\u2019enviaran els premis a casa, ni tampoc la bossa del corredor.<\/strong><\/p>\n\n\n\n<p><strong>11. La inscripci\u00f3 dels participants inclou:<\/strong><\/p>\n\n\n\n<p><strong><em>INCIRIPCI\u00d3 A LA CM VALL D&#8217;ARB\u00daCIES<\/em><\/strong><\/p>\n\n\n\n<p>Dret a participar a la CM VALL D&#8217;ARB\u00daCIES<\/p>\n\n\n\n<p>Bossa del corredor.<\/p>\n\n\n\n<p>Dorsal<\/p>\n\n\n\n<p>Avituallaments durant el recorregut.<\/p>\n\n\n\n<p>Avituallament final.<\/p>\n\n\n\n<p>Cronometratge de la prova.<\/p>\n\n\n\n<p>Premis segons reglament.<\/p>\n\n\n\n<p>Participaci\u00f3 en sortejos i regals.<\/p>\n\n\n\n<p>Fotos durant el recorregut.<\/p>\n\n\n\n<p><em>El reglament que haur\u00e0 de complir tothom que participi a la cursa \u00e9s l\u2019establert per la FEEC en aquests tipus de proves .<\/em><\/p>\n\n\n\n<p><strong><em>INCIRIPCI\u00d3 A LA MARXA DE LA PRIMAVERA<\/em><\/strong><\/p>\n\n\n\n<p>Dret a participar a la MARXA DE LA PRIMAVERA<\/p>\n\n\n\n<p>Obsequi de la marxa.<\/p>\n\n\n\n<p>Dorsal<\/p>\n\n\n\n<p>Avituallaments durant el recorregut.<\/p>\n\n\n\n<p>Avituallament final.<\/p>\n\n\n\n<p>Participaci\u00f3 en sortejos i regals.<\/p>\n\n\n\n<p>Fotos durant el recorregut.<\/p>\n\n\n\n<p><\/p>\n\n\n\n<p><strong>Declaraci\u00f3 de responsabilitat<\/strong><\/p>\n\n\n\n<p>Com a participant de la CM VALL D&#8217;ARB\u00daCIES i MARXA DE LA PRIMAVERA declaro que:<\/p>\n\n\n\n<p>Tinc coneixement i accepto \u00edntegrament totes les condicions sobre el reglament d\u2019aquesta prova.<\/p>\n\n\n\n<p>Que em trobo en condicions f\u00edsiques adequades i suficientment entrenat per a participar volunt\u00e0riament en aquesta prova.<\/p>\n\n\n\n<p>Que no pateixo cap malaltia, discapacitat f\u00edsica o lesi\u00f3 que pugui agreujar-se i\/o perjudicar greument la meva salut pel fet de participar en aquesta prova.<\/p>\n\n\n\n<p>En el cas de patir qualsevol tipus de lesi\u00f3, discapacitat f\u00edsica o qualsevol altra tipus de circumst\u00e0ncia que pogu\u00e9s agreujar-se i\/o perjudicar la meva salut durant la prova, ho posar\u00e9 en coneixement de l\u2019organitzaci\u00f3 de l\u2019esdeveniment, acceptant les decisions que s\u2019adoptin al respecte pels responsables de la prova.<\/p>\n\n\n\n<p>Assumeixo els perills i riscos derivats de la meva participaci\u00f3 en aquesta activitat esportiva, tals com: les condicions clim\u00e0tiques (vent, temperatura externa i pluja) aix\u00ed com qualsevol tipus de col\u00b7lisi\u00f3 amb objectes, persones i\/o animals que es produeixin durant l\u2019activitat.<\/p>\n\n\n\n<p>Accepto les decisions preses per qualsevol responsable de la cursa, director t\u00e8cnic i staff t\u00e8cnic de l\u2019organitzaci\u00f3 de la CM VALL D&#8217;ARB\u00daCIES i MARXA DE LA PRIMAVERA que puguin afectar a la meva capacitat per a completar amb seguretat i sense cap risc la finalitzaci\u00f3 de la prova.<\/p>\n\n\n\n<p>Un cop la inscripci\u00f3 sigui acceptada, la quota d\u2019inscripci\u00f3 nom\u00e9s es reemborsar\u00e0 en els termes establerts a l\u2019apartat n\u00famero 5 del reglament.<\/p>\n\n\n\n<p>Autoritzo a l\u2019organitzaci\u00f3 de la prova a utilitzar qualsevol fotografia, filmaci\u00f3, gravaci\u00f3 o qualsevol altra mena d\u2019arxiu referent a la meva participaci\u00f3 en aquest esdeveniment, sense dret a contraprestaci\u00f3 econ\u00f2mica.<\/p>\n\n\n\n<p><strong>L<\/strong><strong>a <\/strong><strong>inscripci\u00f3 a qualsevol de les dist\u00e0ncies de la CM Vall d&#8217;Arb\u00facies i Marxa de la Primavera queda associada a l\u2019acceptaci\u00f3 d\u2019aquest reglament i a tots els punts esmentats anteriorment.<\/strong><\/p>\n","protected":false},"excerpt":{"rendered":"<p>El fet de participar a la CM Vall d&#8217;Arb\u00facies i a la Marxa de la Primavera suposa acceptar i complir amb el seg\u00fcent reglament. Reglament i Declaraci\u00f3 legal REGLAMENT CM VALL D&#8217;ARB\u00daCIES I MARXA DE LA PRIMAVERA Organitzaci\u00f3 de la prova: Matavalons d&#8217;Arb\u00facies, Gratan\u00favols del Montseny i Ajuntament d&#8217;Arb\u00facies. Col\u00b7labora la Diputaci\u00f3 de Girona, el &hellip; <\/p>\n<p class=\"link-more\"><a href=\"https:\/\/www.cmvalldarbucies.cat\/index.php\/reglament\/\" class=\"more-link\">Leer m\u00e1s<span class=\"screen-reader-text\"> \u00abReglament\u00bb<\/span><\/a><\/p>\n","protected":false},"author":1,"featured_media":0,"parent":0,"menu_order":0,"comment_status":"closed","ping_status":"closed","template":"","meta":{"footnotes":""},"class_list":["post-76","page","type-page","status-publish","hentry"],"yoast_head":"<!-- This site is optimized with the Yoast SEO plugin v20.2.1 - https:\/\/yoast.com\/wordpress\/plugins\/seo\/ -->\n<title>Reglament - CM Vall d&#039;Arb\u00facies<\/title>\n<meta name=\"robots\" content=\"index, follow, max-snippet:-1, max-image-preview:large, max-video-preview:-1\" \/>\n<link rel=\"canonical\" href=\"https:\/\/www.cmvalldarbucies.cat\/index.php\/reglament\/\" \/>\n<meta property=\"og:locale\" content=\"es_ES\" \/>\n<meta property=\"og:type\" content=\"article\" \/>\n<meta property=\"og:title\" content=\"Reglament - CM Vall d&#039;Arb\u00facies\" \/>\n<meta property=\"og:description\" content=\"El fet de participar a la CM Vall d&#8217;Arb\u00facies i a la Marxa de la Primavera suposa acceptar i complir amb el seg\u00fcent reglament. Reglament i Declaraci\u00f3 legal REGLAMENT CM VALL D&#8217;ARB\u00daCIES I MARXA DE LA PRIMAVERA Organitzaci\u00f3 de la prova: Matavalons d&#8217;Arb\u00facies, Gratan\u00favols del Montseny i Ajuntament d&#8217;Arb\u00facies. Col\u00b7labora la Diputaci\u00f3 de Girona, el &hellip; Leer m\u00e1s \u00abReglament\u00bb\" \/>\n<meta property=\"og:url\" content=\"https:\/\/www.cmvalldarbucies.cat\/index.php\/reglament\/\" \/>\n<meta property=\"og:site_name\" content=\"CM Vall d&#039;Arb\u00facies\" \/>\n<meta property=\"article:modified_time\" content=\"2026-04-28T14:16:53+00:00\" \/>\n<meta name=\"twitter:card\" content=\"summary_large_image\" \/>\n<meta name=\"twitter:label1\" content=\"Tiempo de lectura\" \/>\n\t<meta name=\"twitter:data1\" content=\"10 minutos\" \/>\n<script type=\"application\/ld+json\" class=\"yoast-schema-graph\">{\"@context\":\"https:\/\/schema.org\",\"@graph\":[{\"@type\":\"WebPage\",\"@id\":\"https:\/\/www.cmvalldarbucies.cat\/index.php\/reglament\/\",\"url\":\"https:\/\/www.cmvalldarbucies.cat\/index.php\/reglament\/\",\"name\":\"Reglament - CM Vall d&#039;Arb\u00facies\",\"isPartOf\":{\"@id\":\"https:\/\/www.cmvalldarbucies.cat\/#website\"},\"datePublished\":\"2023-02-25T12:16:21+00:00\",\"dateModified\":\"2026-04-28T14:16:53+00:00\",\"breadcrumb\":{\"@id\":\"https:\/\/www.cmvalldarbucies.cat\/index.php\/reglament\/#breadcrumb\"},\"inLanguage\":\"es\",\"potentialAction\":[{\"@type\":\"ReadAction\",\"target\":[\"https:\/\/www.cmvalldarbucies.cat\/index.php\/reglament\/\"]}]},{\"@type\":\"BreadcrumbList\",\"@id\":\"https:\/\/www.cmvalldarbucies.cat\/index.php\/reglament\/#breadcrumb\",\"itemListElement\":[{\"@type\":\"ListItem\",\"position\":1,\"name\":\"Portada\",\"item\":\"https:\/\/www.cmvalldarbucies.cat\/\"},{\"@type\":\"ListItem\",\"position\":2,\"name\":\"Reglament\"}]},{\"@type\":\"WebSite\",\"@id\":\"https:\/\/www.cmvalldarbucies.cat\/#website\",\"url\":\"https:\/\/www.cmvalldarbucies.cat\/\",\"name\":\"cmvalldarbucies\",\"description\":\"Cursa de muntanya de la vall d&#039;Arb\u00facies\",\"publisher\":{\"@id\":\"https:\/\/www.cmvalldarbucies.cat\/#organization\"},\"potentialAction\":[{\"@type\":\"SearchAction\",\"target\":{\"@type\":\"EntryPoint\",\"urlTemplate\":\"https:\/\/www.cmvalldarbucies.cat\/?s={search_term_string}\"},\"query-input\":\"required name=search_term_string\"}],\"inLanguage\":\"es\"},{\"@type\":\"Organization\",\"@id\":\"https:\/\/www.cmvalldarbucies.cat\/#organization\",\"name\":\"cmvalldarbucies\",\"url\":\"https:\/\/www.cmvalldarbucies.cat\/\",\"logo\":{\"@type\":\"ImageObject\",\"inLanguage\":\"es\",\"@id\":\"https:\/\/www.cmvalldarbucies.cat\/#\/schema\/logo\/image\/\",\"url\":\"https:\/\/www.cmvalldarbucies.cat\/wp-content\/uploads\/2023\/02\/LogoCM-BN.pdf.png\",\"contentUrl\":\"https:\/\/www.cmvalldarbucies.cat\/wp-content\/uploads\/2023\/02\/LogoCM-BN.pdf.png\",\"width\":2000,\"height\":1455,\"caption\":\"cmvalldarbucies\"},\"image\":{\"@id\":\"https:\/\/www.cmvalldarbucies.cat\/#\/schema\/logo\/image\/\"},\"sameAs\":[\"https:\/\/www.instagram.com\/cmvalldarbucies\/\"]}]}<\/script>\n<!-- \/ Yoast SEO plugin. -->","yoast_head_json":{"title":"Reglament - CM Vall d&#039;Arb\u00facies","robots":{"index":"index","follow":"follow","max-snippet":"max-snippet:-1","max-image-preview":"max-image-preview:large","max-video-preview":"max-video-preview:-1"},"canonical":"https:\/\/www.cmvalldarbucies.cat\/index.php\/reglament\/","og_locale":"es_ES","og_type":"article","og_title":"Reglament - CM Vall d&#039;Arb\u00facies","og_description":"El fet de participar a la CM Vall d&#8217;Arb\u00facies i a la Marxa de la Primavera suposa acceptar i complir amb el seg\u00fcent reglament. Reglament i Declaraci\u00f3 legal REGLAMENT CM VALL D&#8217;ARB\u00daCIES I MARXA DE LA PRIMAVERA Organitzaci\u00f3 de la prova: Matavalons d&#8217;Arb\u00facies, Gratan\u00favols del Montseny i Ajuntament d&#8217;Arb\u00facies. Col\u00b7labora la Diputaci\u00f3 de Girona, el &hellip; Leer m\u00e1s \u00abReglament\u00bb","og_url":"https:\/\/www.cmvalldarbucies.cat\/index.php\/reglament\/","og_site_name":"CM Vall d&#039;Arb\u00facies","article_modified_time":"2026-04-28T14:16:53+00:00","twitter_card":"summary_large_image","twitter_misc":{"Tiempo de lectura":"10 minutos"},"schema":{"@context":"https:\/\/schema.org","@graph":[{"@type":"WebPage","@id":"https:\/\/www.cmvalldarbucies.cat\/index.php\/reglament\/","url":"https:\/\/www.cmvalldarbucies.cat\/index.php\/reglament\/","name":"Reglament - CM Vall d&#039;Arb\u00facies","isPartOf":{"@id":"https:\/\/www.cmvalldarbucies.cat\/#website"},"datePublished":"2023-02-25T12:16:21+00:00","dateModified":"2026-04-28T14:16:53+00:00","breadcrumb":{"@id":"https:\/\/www.cmvalldarbucies.cat\/index.php\/reglament\/#breadcrumb"},"inLanguage":"es","potentialAction":[{"@type":"ReadAction","target":["https:\/\/www.cmvalldarbucies.cat\/index.php\/reglament\/"]}]},{"@type":"BreadcrumbList","@id":"https:\/\/www.cmvalldarbucies.cat\/index.php\/reglament\/#breadcrumb","itemListElement":[{"@type":"ListItem","position":1,"name":"Portada","item":"https:\/\/www.cmvalldarbucies.cat\/"},{"@type":"ListItem","position":2,"name":"Reglament"}]},{"@type":"WebSite","@id":"https:\/\/www.cmvalldarbucies.cat\/#website","url":"https:\/\/www.cmvalldarbucies.cat\/","name":"cmvalldarbucies","description":"Cursa de muntanya de la vall d&#039;Arb\u00facies","publisher":{"@id":"https:\/\/www.cmvalldarbucies.cat\/#organization"},"potentialAction":[{"@type":"SearchAction","target":{"@type":"EntryPoint","urlTemplate":"https:\/\/www.cmvalldarbucies.cat\/?s={search_term_string}"},"query-input":"required name=search_term_string"}],"inLanguage":"es"},{"@type":"Organization","@id":"https:\/\/www.cmvalldarbucies.cat\/#organization","name":"cmvalldarbucies","url":"https:\/\/www.cmvalldarbucies.cat\/","logo":{"@type":"ImageObject","inLanguage":"es","@id":"https:\/\/www.cmvalldarbucies.cat\/#\/schema\/logo\/image\/","url":"https:\/\/www.cmvalldarbucies.cat\/wp-content\/uploads\/2023\/02\/LogoCM-BN.pdf.png","contentUrl":"https:\/\/www.cmvalldarbucies.cat\/wp-content\/uploads\/2023\/02\/LogoCM-BN.pdf.png","width":2000,"height":1455,"caption":"cmvalldarbucies"},"image":{"@id":"https:\/\/www.cmvalldarbucies.cat\/#\/schema\/logo\/image\/"},"sameAs":["https:\/\/www.instagram.com\/cmvalldarbucies\/"]}]}},"featured_media_urls":[],"_links":{"self":[{"href":"https:\/\/www.cmvalldarbucies.cat\/index.php\/wp-json\/wp\/v2\/pages\/76"}],"collection":[{"href":"https:\/\/www.cmvalldarbucies.cat\/index.php\/wp-json\/wp\/v2\/pages"}],"about":[{"href":"https:\/\/www.cmvalldarbucies.cat\/index.php\/wp-json\/wp\/v2\/types\/page"}],"author":[{"embeddable":true,"href":"https:\/\/www.cmvalldarbucies.cat\/index.php\/wp-json\/wp\/v2\/users\/1"}],"replies":[{"embeddable":true,"href":"https:\/\/www.cmvalldarbucies.cat\/index.php\/wp-json\/wp\/v2\/comments?post=76"}],"version-history":[{"count":30,"href":"https:\/\/www.cmvalldarbucies.cat\/index.php\/wp-json\/wp\/v2\/pages\/76\/revisions"}],"predecessor-version":[{"id":1106,"href":"https:\/\/www.cmvalldarbucies.cat\/index.php\/wp-json\/wp\/v2\/pages\/76\/revisions\/1106"}],"wp:attachment":[{"href":"https:\/\/www.cmvalldarbucies.cat\/index.php\/wp-json\/wp\/v2\/media?parent=76"}],"curies":[{"name":"wp","href":"https:\/\/api.w.org\/{rel}","templated":true}]}}