{"id":78,"date":"2023-02-25T12:16:21","date_gmt":"2023-02-25T12:16:21","guid":{"rendered":"https:\/\/www.cmvalldarbucies.cat\/?page_id=78"},"modified":"2023-02-25T17:41:26","modified_gmt":"2023-02-25T17:41:26","slug":"sostenibilitat","status":"publish","type":"page","link":"https:\/\/www.cmvalldarbucies.cat\/index.php\/sostenibilitat\/","title":{"rendered":"Sostenibilitat"},"content":{"rendered":"\n<p>Ens estimem el nostre territori. \u00c9s per aquest motiu que ens preocupa l&#8217;impacte ambiental que pot suposar un esdeveniment com el nostre pel mass\u00eds del Montseny. Aquestes s\u00f3n les mesures que prenem des de l&#8217;organitzaci\u00f3 i que en volem fer part\u00edcips a tots els participants i ciutadania. <\/p>\n\n\n\n<ul class=\"wp-block-list\">\n<li><strong>Senyalitzaci\u00f3 reutilitzable: <\/strong>Gr\u00e0cies a la col\u00b7laboraci\u00f3 de Quetzal disposem de cintes de tela reutilitzables per marcar els diferents recorreguts. <\/li>\n\n\n\n<li><strong>Productes locals de proximitat: <\/strong>Intentem que els productes que oferim i utilitzem per l&#8217;esdeveniment siguin locals i de proximitat. <\/li>\n\n\n\n<li><strong>Vas reutilitzable: <\/strong>Per tal de minimitzar la utilitzaci\u00f3 d&#8217;envasos d&#8217;un sol \u00fas, les persones participants han de portar de casa un vas reutilitzable per beure als avituallaments. <\/li>\n\n\n\n<li><strong>Reducci\u00f3 de residus:<\/strong> Procurem generar el m\u00ednim de residus. \u00c9s per aix\u00f2 que en els avituallaments trobareu safates reutilitzables amb fruits secs i llaminadures a granel, utilitzem bidons per l&#8217;aigua i la beguda isot\u00f2nica i utilitzem vasos reutilitzables.<\/li>\n\n\n\n<li><strong>Reciclatge<\/strong>: Separem els residus generats als avituallaments per tipologia i disposem de contenidors de totes les fraccions a la sortida i l&#8217;arribada.<\/li>\n\n\n\n<li><strong>Preservaci\u00f3 i recuperaci\u00f3 de camins i senders:<\/strong> Ens comprometem a recuperar, cuidar i preservar els camins i senders de la nostra vila, tenint en compte recomanacions ecol\u00f2giques.<\/li>\n\n\n\n<li><strong>Servei escombra:<\/strong> En acabar les curses i marxes, ens comprometem a revisar els recorreguts i a retirar tot el marcatge i residus per deixar-ho millor del que estava.<\/li>\n\n\n\n<li><strong>Limitaci\u00f3 de participants: <\/strong>Per tal d&#8217;evitar al m\u00e0xim l&#8217;impacte ecol\u00f2gic, limitem el nombre de participants en els recorreguts que passen per zones d&#8217;alt inter\u00e8s natural del Parc Natural del Montseny. <\/li>\n<\/ul>\n","protected":false},"excerpt":{"rendered":"<p>Ens estimem el nostre territori. \u00c9s per aquest motiu que ens preocupa l&#8217;impacte ambiental que pot suposar un esdeveniment com el nostre pel mass\u00eds del Montseny. Aquestes s\u00f3n les mesures que prenem des de l&#8217;organitzaci\u00f3 i que en volem fer part\u00edcips a tots els participants i ciutadania.<\/p>\n","protected":false},"author":1,"featured_media":0,"parent":0,"menu_order":0,"comment_status":"closed","ping_status":"closed","template":"","meta":{"footnotes":""},"class_list":["post-78","page","type-page","status-publish","hentry"],"yoast_head":"<!-- This site is optimized with the Yoast SEO plugin v20.2.1 - https:\/\/yoast.com\/wordpress\/plugins\/seo\/ -->\n<title>Sostenibilitat - CM Vall d&#039;Arb\u00facies<\/title>\n<meta name=\"robots\" content=\"index, follow, max-snippet:-1, max-image-preview:large, max-video-preview:-1\" \/>\n<link rel=\"canonical\" href=\"https:\/\/www.cmvalldarbucies.cat\/index.php\/sostenibilitat\/\" \/>\n<meta property=\"og:locale\" content=\"es_ES\" \/>\n<meta property=\"og:type\" content=\"article\" \/>\n<meta property=\"og:title\" content=\"Sostenibilitat - CM Vall d&#039;Arb\u00facies\" \/>\n<meta property=\"og:description\" content=\"Ens estimem el nostre territori. \u00c9s per aquest motiu que ens preocupa l&#8217;impacte ambiental que pot suposar un esdeveniment com el nostre pel mass\u00eds del Montseny. Aquestes s\u00f3n les mesures que prenem des de l&#8217;organitzaci\u00f3 i que en volem fer part\u00edcips a tots els participants i ciutadania.\" \/>\n<meta property=\"og:url\" content=\"https:\/\/www.cmvalldarbucies.cat\/index.php\/sostenibilitat\/\" \/>\n<meta property=\"og:site_name\" content=\"CM Vall d&#039;Arb\u00facies\" \/>\n<meta property=\"article:modified_time\" content=\"2023-02-25T17:41:26+00:00\" \/>\n<meta name=\"twitter:card\" content=\"summary_large_image\" \/>\n<meta name=\"twitter:label1\" content=\"Tiempo de lectura\" \/>\n\t<meta name=\"twitter:data1\" content=\"1 minuto\" \/>\n<script type=\"application\/ld+json\" class=\"yoast-schema-graph\">{\"@context\":\"https:\/\/schema.org\",\"@graph\":[{\"@type\":\"WebPage\",\"@id\":\"https:\/\/www.cmvalldarbucies.cat\/index.php\/sostenibilitat\/\",\"url\":\"https:\/\/www.cmvalldarbucies.cat\/index.php\/sostenibilitat\/\",\"name\":\"Sostenibilitat - CM Vall d&#039;Arb\u00facies\",\"isPartOf\":{\"@id\":\"https:\/\/www.cmvalldarbucies.cat\/#website\"},\"datePublished\":\"2023-02-25T12:16:21+00:00\",\"dateModified\":\"2023-02-25T17:41:26+00:00\",\"breadcrumb\":{\"@id\":\"https:\/\/www.cmvalldarbucies.cat\/index.php\/sostenibilitat\/#breadcrumb\"},\"inLanguage\":\"es\",\"potentialAction\":[{\"@type\":\"ReadAction\",\"target\":[\"https:\/\/www.cmvalldarbucies.cat\/index.php\/sostenibilitat\/\"]}]},{\"@type\":\"BreadcrumbList\",\"@id\":\"https:\/\/www.cmvalldarbucies.cat\/index.php\/sostenibilitat\/#breadcrumb\",\"itemListElement\":[{\"@type\":\"ListItem\",\"position\":1,\"name\":\"Portada\",\"item\":\"https:\/\/www.cmvalldarbucies.cat\/\"},{\"@type\":\"ListItem\",\"position\":2,\"name\":\"Sostenibilitat\"}]},{\"@type\":\"WebSite\",\"@id\":\"https:\/\/www.cmvalldarbucies.cat\/#website\",\"url\":\"https:\/\/www.cmvalldarbucies.cat\/\",\"name\":\"cmvalldarbucies\",\"description\":\"Cursa de muntanya de la vall d&#039;Arb\u00facies\",\"publisher\":{\"@id\":\"https:\/\/www.cmvalldarbucies.cat\/#organization\"},\"potentialAction\":[{\"@type\":\"SearchAction\",\"target\":{\"@type\":\"EntryPoint\",\"urlTemplate\":\"https:\/\/www.cmvalldarbucies.cat\/?s={search_term_string}\"},\"query-input\":\"required name=search_term_string\"}],\"inLanguage\":\"es\"},{\"@type\":\"Organization\",\"@id\":\"https:\/\/www.cmvalldarbucies.cat\/#organization\",\"name\":\"cmvalldarbucies\",\"url\":\"https:\/\/www.cmvalldarbucies.cat\/\",\"logo\":{\"@type\":\"ImageObject\",\"inLanguage\":\"es\",\"@id\":\"https:\/\/www.cmvalldarbucies.cat\/#\/schema\/logo\/image\/\",\"url\":\"https:\/\/www.cmvalldarbucies.cat\/wp-content\/uploads\/2023\/02\/LogoCM-BN.pdf.png\",\"contentUrl\":\"https:\/\/www.cmvalldarbucies.cat\/wp-content\/uploads\/2023\/02\/LogoCM-BN.pdf.png\",\"width\":2000,\"height\":1455,\"caption\":\"cmvalldarbucies\"},\"image\":{\"@id\":\"https:\/\/www.cmvalldarbucies.cat\/#\/schema\/logo\/image\/\"},\"sameAs\":[\"https:\/\/www.instagram.com\/cmvalldarbucies\/\"]}]}<\/script>\n<!-- \/ Yoast SEO plugin. -->","yoast_head_json":{"title":"Sostenibilitat - CM Vall d&#039;Arb\u00facies","robots":{"index":"index","follow":"follow","max-snippet":"max-snippet:-1","max-image-preview":"max-image-preview:large","max-video-preview":"max-video-preview:-1"},"canonical":"https:\/\/www.cmvalldarbucies.cat\/index.php\/sostenibilitat\/","og_locale":"es_ES","og_type":"article","og_title":"Sostenibilitat - CM Vall d&#039;Arb\u00facies","og_description":"Ens estimem el nostre territori. \u00c9s per aquest motiu que ens preocupa l&#8217;impacte ambiental que pot suposar un esdeveniment com el nostre pel mass\u00eds del Montseny. Aquestes s\u00f3n les mesures que prenem des de l&#8217;organitzaci\u00f3 i que en volem fer part\u00edcips a tots els participants i ciutadania.","og_url":"https:\/\/www.cmvalldarbucies.cat\/index.php\/sostenibilitat\/","og_site_name":"CM Vall d&#039;Arb\u00facies","article_modified_time":"2023-02-25T17:41:26+00:00","twitter_card":"summary_large_image","twitter_misc":{"Tiempo de lectura":"1 minuto"},"schema":{"@context":"https:\/\/schema.org","@graph":[{"@type":"WebPage","@id":"https:\/\/www.cmvalldarbucies.cat\/index.php\/sostenibilitat\/","url":"https:\/\/www.cmvalldarbucies.cat\/index.php\/sostenibilitat\/","name":"Sostenibilitat - CM Vall d&#039;Arb\u00facies","isPartOf":{"@id":"https:\/\/www.cmvalldarbucies.cat\/#website"},"datePublished":"2023-02-25T12:16:21+00:00","dateModified":"2023-02-25T17:41:26+00:00","breadcrumb":{"@id":"https:\/\/www.cmvalldarbucies.cat\/index.php\/sostenibilitat\/#breadcrumb"},"inLanguage":"es","potentialAction":[{"@type":"ReadAction","target":["https:\/\/www.cmvalldarbucies.cat\/index.php\/sostenibilitat\/"]}]},{"@type":"BreadcrumbList","@id":"https:\/\/www.cmvalldarbucies.cat\/index.php\/sostenibilitat\/#breadcrumb","itemListElement":[{"@type":"ListItem","position":1,"name":"Portada","item":"https:\/\/www.cmvalldarbucies.cat\/"},{"@type":"ListItem","position":2,"name":"Sostenibilitat"}]},{"@type":"WebSite","@id":"https:\/\/www.cmvalldarbucies.cat\/#website","url":"https:\/\/www.cmvalldarbucies.cat\/","name":"cmvalldarbucies","description":"Cursa de muntanya de la vall d&#039;Arb\u00facies","publisher":{"@id":"https:\/\/www.cmvalldarbucies.cat\/#organization"},"potentialAction":[{"@type":"SearchAction","target":{"@type":"EntryPoint","urlTemplate":"https:\/\/www.cmvalldarbucies.cat\/?s={search_term_string}"},"query-input":"required name=search_term_string"}],"inLanguage":"es"},{"@type":"Organization","@id":"https:\/\/www.cmvalldarbucies.cat\/#organization","name":"cmvalldarbucies","url":"https:\/\/www.cmvalldarbucies.cat\/","logo":{"@type":"ImageObject","inLanguage":"es","@id":"https:\/\/www.cmvalldarbucies.cat\/#\/schema\/logo\/image\/","url":"https:\/\/www.cmvalldarbucies.cat\/wp-content\/uploads\/2023\/02\/LogoCM-BN.pdf.png","contentUrl":"https:\/\/www.cmvalldarbucies.cat\/wp-content\/uploads\/2023\/02\/LogoCM-BN.pdf.png","width":2000,"height":1455,"caption":"cmvalldarbucies"},"image":{"@id":"https:\/\/www.cmvalldarbucies.cat\/#\/schema\/logo\/image\/"},"sameAs":["https:\/\/www.instagram.com\/cmvalldarbucies\/"]}]}},"featured_media_urls":[],"_links":{"self":[{"href":"https:\/\/www.cmvalldarbucies.cat\/index.php\/wp-json\/wp\/v2\/pages\/78"}],"collection":[{"href":"https:\/\/www.cmvalldarbucies.cat\/index.php\/wp-json\/wp\/v2\/pages"}],"about":[{"href":"https:\/\/www.cmvalldarbucies.cat\/index.php\/wp-json\/wp\/v2\/types\/page"}],"author":[{"embeddable":true,"href":"https:\/\/www.cmvalldarbucies.cat\/index.php\/wp-json\/wp\/v2\/users\/1"}],"replies":[{"embeddable":true,"href":"https:\/\/www.cmvalldarbucies.cat\/index.php\/wp-json\/wp\/v2\/comments?post=78"}],"version-history":[{"count":6,"href":"https:\/\/www.cmvalldarbucies.cat\/index.php\/wp-json\/wp\/v2\/pages\/78\/revisions"}],"predecessor-version":[{"id":108,"href":"https:\/\/www.cmvalldarbucies.cat\/index.php\/wp-json\/wp\/v2\/pages\/78\/revisions\/108"}],"wp:attachment":[{"href":"https:\/\/www.cmvalldarbucies.cat\/index.php\/wp-json\/wp\/v2\/media?parent=78"}],"curies":[{"name":"wp","href":"https:\/\/api.w.org\/{rel}","templated":true}]}}